{"version":"1.0","provider_name":"Cronolog\u00eda de la vida y la obra de Benito P\u00e9rez Gald\u00f3s","provider_url":"https:\/\/batallitas.es\/benito-perez-galdos","author_name":"Benito","author_url":"https:\/\/batallitas.es\/benito-perez-galdos\/author\/benito\/","title":"[Art\u00edculo] La enfermedad del rey, de Benito P\u00e9rez Gald\u00f3s - Cronolog\u00eda de la vida y la obra de Benito P\u00e9rez Gald\u00f3s","type":"rich","width":600,"height":338,"html":"<blockquote class=\"wp-embedded-content\" data-secret=\"8HWegEagTS\"><a href=\"https:\/\/batallitas.es\/benito-perez-galdos\/enfermedad-rey-articulo-benito-perez-galdos\/\">[Art\u00edculo] La enfermedad del rey, de Benito P\u00e9rez Gald\u00f3s<\/a><\/blockquote><iframe sandbox=\"allow-scripts\" security=\"restricted\" src=\"https:\/\/batallitas.es\/benito-perez-galdos\/enfermedad-rey-articulo-benito-perez-galdos\/embed\/#?secret=8HWegEagTS\" width=\"600\" height=\"338\" title=\"\u00ab[Art\u00edculo] La enfermedad del rey, de Benito P\u00e9rez Gald\u00f3s\u00bb \u2014 Cronolog\u00eda de la vida y la obra de Benito P\u00e9rez Gald\u00f3s\" data-secret=\"8HWegEagTS\" frameborder=\"0\" marginwidth=\"0\" marginheight=\"0\" scrolling=\"no\" class=\"wp-embedded-content\"><\/iframe><script type=\"text\/javascript\">\n\/* <![CDATA[ *\/\n\/*! This file is auto-generated *\/\n!function(d,l){\"use strict\";l.querySelector&&d.addEventListener&&\"undefined\"!=typeof URL&&(d.wp=d.wp||{},d.wp.receiveEmbedMessage||(d.wp.receiveEmbedMessage=function(e){var t=e.data;if((t||t.secret||t.message||t.value)&&!\/[^a-zA-Z0-9]\/.test(t.secret)){for(var s,r,n,a=l.querySelectorAll('iframe[data-secret=\"'+t.secret+'\"]'),o=l.querySelectorAll('blockquote[data-secret=\"'+t.secret+'\"]'),c=new RegExp(\"^https?:$\",\"i\"),i=0;i<o.length;i++)o[i].style.display=\"none\";for(i=0;i<a.length;i++)s=a[i],e.source===s.contentWindow&&(s.removeAttribute(\"style\"),\"height\"===t.message?(1e3<(r=parseInt(t.value,10))?r=1e3:~~r<200&&(r=200),s.height=r):\"link\"===t.message&&(r=new URL(s.getAttribute(\"src\")),n=new URL(t.value),c.test(n.protocol))&&n.host===r.host&&l.activeElement===s&&(d.top.location.href=t.value))}},d.addEventListener(\"message\",d.wp.receiveEmbedMessage,!1),l.addEventListener(\"DOMContentLoaded\",function(){for(var e,t,s=l.querySelectorAll(\"iframe.wp-embedded-content\"),r=0;r<s.length;r++)(t=(e=s[r]).getAttribute(\"data-secret\"))||(t=Math.random().toString(36).substring(2,12),e.src+=\"#?secret=\"+t,e.setAttribute(\"data-secret\",t)),e.contentWindow.postMessage({message:\"ready\",secret:t},\"*\")},!1)))}(window,document);\n\/* ]]> *\/\n<\/script>\n","thumbnail_url":"https:\/\/batallitas.es\/benito-perez-galdos\/wp-content\/uploads\/2025\/01\/facebook_thumbnail.jpg","thumbnail_width":1200,"thumbnail_height":630,"description":"He de decir algo de un asunto que no puede ser tratado f\u00e1cilmente en la Prensa espa\u00f1ola, asunto de suyo delicad\u00edsimo, pero que no es inabordable si se consigue apartar de \u00e9l la mala fe, si se le trata con la sinceridad y frialdad de una cuesti\u00f3n hist\u00f3rica, descartando de \u00e9l todo lo que sea pasiones, intereses y miserias pol\u00edticas del momento."}